{"id":34136,"date":"2024-12-06T10:31:21","date_gmt":"2024-12-06T09:31:21","guid":{"rendered":"https:\/\/www.stevenshout.be\/construction-en-bois\/isolation\/isolation-du-sol\/"},"modified":"2026-03-23T06:27:00","modified_gmt":"2026-03-23T05:27:00","slug":"isolation-du-sol","status":"publish","type":"page","link":"https:\/\/www.stevenshout.be\/fr\/construction-en-bois\/isolation\/isolation-du-sol\/","title":{"rendered":"Isolation du sol"},"content":{"rendered":"<p>[et_pb_section fb_built=\u00a0\u00bb1&Prime; _builder_version=\u00a0\u00bb4.27.2&Prime; _module_preset=\u00a0\u00bbdefault\u00a0\u00bb background_color=\u00a0\u00bb#F7F7F5&Prime; locked=\u00a0\u00bboff\u00a0\u00bb global_colors_info=\u00a0\u00bb{}\u00a0\u00bb][et_pb_row column_structure=\u00a0\u00bb1_2,1_2&Prime; _builder_version=\u00a0\u00bb4.25.2&Prime; _module_preset=\u00a0\u00bbdefault\u00a0\u00bb global_colors_info=\u00a0\u00bb{}\u00a0\u00bb][et_pb_column type=\u00a0\u00bb1_2&Prime; _builder_version=\u00a0\u00bb4.25.2&Prime; _module_preset=\u00a0\u00bbdefault\u00a0\u00bb global_colors_info=\u00a0\u00bb{}\u00a0\u00bb][et_pb_text _builder_version=\u00a0\u00bb4.27.2&Prime; _module_preset=\u00a0\u00bbdefault\u00a0\u00bb text_font=\u00a0\u00bb|||on|||||\u00a0\u00bb text_text_color=\u00a0\u00bb#76dd84&Prime; header_text_color=\u00a0\u00bb#76de84&Prime; header_font_size=\u00a0\u00bb14px\u00a0\u00bb custom_margin=\u00a0\u00bb||10px||false|false\u00a0\u00bb custom_padding=\u00a0\u00bb||0px||false|false\u00a0\u00bb global_colors_info=\u00a0\u00bb{}\u00a0\u00bb]<\/p>\n<h1>Isolation<\/h1>\n<p>[\/et_pb_text][et_pb_text _builder_version=\u00a0\u00bb4.27.2&Prime; _module_preset=\u00a0\u00bbdefault\u00a0\u00bb text_font=\u00a0\u00bb||||||||\u00a0\u00bb text_text_color=\u00a0\u00bb#76dd84&Prime; header_font_size=\u00a0\u00bb60px\u00a0\u00bb header_line_height=\u00a0\u00bb65px\u00a0\u00bb header_2_font_size=\u00a0\u00bb64px\u00a0\u00bb header_2_line_height=\u00a0\u00bb64.6px\u00a0\u00bb header_font_size_tablet=\u00a0\u00bb60px\u00a0\u00bb header_font_size_phone=\u00a0\u00bb49px\u00a0\u00bb header_font_size_last_edited=\u00a0\u00bbon|phone\u00a0\u00bb header_2_font_size_tablet=\u00a0\u00bb46px\u00a0\u00bb header_2_font_size_phone=\u00a0\u00bb28px\u00a0\u00bb header_2_font_size_last_edited=\u00a0\u00bbon|desktop\u00a0\u00bb header_2_line_height_tablet=\u00a0\u00bb64.6px\u00a0\u00bb header_2_line_height_phone=\u00a0\u00bb40px\u00a0\u00bb header_2_line_height_last_edited=\u00a0\u00bbon|phone\u00a0\u00bb global_colors_info=\u00a0\u00bb{}\u00a0\u00bb]<\/p>\n<h2>Isolation du sol<\/h2>\n<p>[\/et_pb_text][\/et_pb_column][et_pb_column type=\u00a0\u00bb1_2&Prime; _builder_version=\u00a0\u00bb4.25.2&Prime; _module_preset=\u00a0\u00bbdefault\u00a0\u00bb global_colors_info=\u00a0\u00bb{}\u00a0\u00bb][et_pb_text _builder_version=\u00a0\u00bb4.27.2&Prime; _module_preset=\u00a0\u00bbdefault\u00a0\u00bb text_font_size=\u00a0\u00bb16px\u00a0\u00bb text_line_height=\u00a0\u00bb2em\u00a0\u00bb global_colors_info=\u00a0\u00bb{}\u00a0\u00bb]<\/p>\n<p>L&rsquo;isolation des sols de Stevens Wood offre la solution pour minimiser les pertes de chaleur par le sol. Nos produits conviennent \u00e0 diff\u00e9rentes configurations de sol et sont faciles \u00e0 installer, ce qui permet d&rsquo;\u00e9conomiser du temps et des efforts. Consultez notre large gamme d&rsquo;isolants de sol ou contactez-nous pour un prix sur mesure.    <\/p>\n<p>[\/et_pb_text][et_pb_button button_url=\u00a0\u00bb@ET-DC@eyJkeW5hbWljIjp0cnVlLCJjb250ZW50IjoicG9zdF9saW5rX3VybF9wYWdlIiwic2V0dGluZ3MiOnsicG9zdF9pZCI6IjMyNCIsImVuYWJsZV9odG1sIjoib2ZmIn19@\u00a0\u00bb button_text=\u00a0\u00bbObtenir un devis\u00a0\u00bb button_alignment=\u00a0\u00bbcenter\u00a0\u00bb _builder_version=\u00a0\u00bb4.27.2&Prime; _dynamic_attributes=\u00a0\u00bbbutton_url\u00a0\u00bb _module_preset=\u00a0\u00bbdefault\u00a0\u00bb custom_button=\u00a0\u00bbon\u00a0\u00bb button_text_size=\u00a0\u00bb18px\u00a0\u00bb button_text_color=\u00a0\u00bb#443630&Prime; button_bg_color=\u00a0\u00bb#76dd84&Prime; button_border_color=\u00a0\u00bb#76dd84&Prime; button_border_radius=\u00a0\u00bb40px\u00a0\u00bb button_font=\u00a0\u00bb|||on|||||\u00a0\u00bb button_icon=\u00a0\u00bb&#x24;||divi||400&Prime; button_on_hover=\u00a0\u00bboff\u00a0\u00bb custom_margin=\u00a0\u00bb||||false|false\u00a0\u00bb custom_padding=\u00a0\u00bb10px|45px|10px|30px|true|false\u00a0\u00bb locked=\u00a0\u00bboff\u00a0\u00bb global_colors_info=\u00a0\u00bb{}\u00a0\u00bb][\/et_pb_button][\/et_pb_column][\/et_pb_row][\/et_pb_section][et_pb_section fb_built=\u00a0\u00bb1&Prime; _builder_version=\u00a0\u00bb4.27.2&Prime; _module_preset=\u00a0\u00bbdefault\u00a0\u00bb global_colors_info=\u00a0\u00bb{}\u00a0\u00bb][et_pb_row _builder_version=\u00a0\u00bb4.23.1&Prime; _module_preset=\u00a0\u00bbdefault\u00a0\u00bb global_colors_info=\u00a0\u00bb{}\u00a0\u00bb][et_pb_column type=\u00a0\u00bb4_4&Prime; _builder_version=\u00a0\u00bb4.23.1&Prime; _module_preset=\u00a0\u00bbdefault\u00a0\u00bb global_colors_info=\u00a0\u00bb{}\u00a0\u00bb][et_pb_text _builder_version=\u00a0\u00bb4.27.2&Prime; _module_preset=\u00a0\u00bbdefault\u00a0\u00bb global_colors_info=\u00a0\u00bb{}\u00a0\u00bb]<\/p>\n<h2>Notre gamme d&rsquo;isolation des sols<\/h2>\n<p>[\/et_pb_text][et_pb_code _builder_version=\u00a0\u00bb4.27.2&Prime; _module_preset=\u00a0\u00bbdefault\u00a0\u00bb global_colors_info=\u00a0\u00bb{}\u00a0\u00bb]<table class=\"ncss-products\"><thead><tr><th>Tous nos isolatie isolatie vloer produits<\/th><th>Longueurs disponibles<\/th><\/tr><\/thead><tbody><tr><td><a href=\"https:\/\/www.stevenshout.be\/fr\/produit\/steico-therm-140mm-tg-par-palette\/\">Steico Therm | 140mm T&amp;G | Par palette<\/a><\/td><td><\/td><\/tr><tr><td><a href=\"https:\/\/www.stevenshout.be\/fr\/produit\/steico-therm-dry-160mm-par-palette\/\">Steico Therm dry | 160mm | Par palette<\/a><\/td><td><\/td><\/tr><tr><td><a href=\"https:\/\/www.stevenshout.be\/fr\/produit\/steico-therm-dry-180mm-par-palette\/\">Steico Therm dry | 180mm | Par Palette<\/a><\/td><td><\/td><\/tr><tr><td><a href=\"https:\/\/www.stevenshout.be\/fr\/produit\/steico-flex-036-i-100mm-i-par-palette\/\">Steico Flex 036 I 100mm I Par palette<\/a><\/td><td><\/td><\/tr><tr><td><a href=\"https:\/\/www.stevenshout.be\/fr\/produit\/steico-flex-036-i-120mm-i-par-palette\/\">Steico Flex 036 I 120mm I Par palette<\/a><\/td><td><\/td><\/tr><tr><td><a href=\"https:\/\/www.stevenshout.be\/fr\/produit\/steico-flex-036-i-140mm-i-par-palette\/\">Steico Flex 036 I 140mm I Par palette<\/a><\/td><td><\/td><\/tr><tr><td><a href=\"https:\/\/www.stevenshout.be\/fr\/produit\/steico-flex-036-i-160mm-i-par-palette\/\">Steico Flex 036 I 160mm I Par palette<\/a><\/td><td><\/td><\/tr><tr><td><a href=\"https:\/\/www.stevenshout.be\/fr\/produit\/steico-flex-036-i-180mm-i-par-palette\/\">Steico Flex 036 I 180mm I Par palette<\/a><\/td><td><\/td><\/tr><tr><td><a href=\"https:\/\/www.stevenshout.be\/fr\/produit\/steico-flex-036-i-200mm-i-par-palette\/\">Steico Flex 036 I 200mm I Par palette<\/a><\/td><td><\/td><\/tr><tr><td><a href=\"https:\/\/www.stevenshout.be\/fr\/produit\/steico-flex-036-i-220mm-i-par-palette\/\">Steico Flex 036 I 220mm I Par palette<\/a><\/td><td><\/td><\/tr><tr><td><a href=\"https:\/\/www.stevenshout.be\/fr\/produit\/steico-flex-038-i-240mm-i-par-palette\/\">Steico Flex 038 I 240mm I Par palette<\/a><\/td><td><\/td><\/tr><tr><td><a href=\"https:\/\/www.stevenshout.be\/fr\/produit\/steico-flex-036-i-240mm-i-par-palette\/\">Steico Flex 036 I 240mm I Par palette<\/a><\/td><td><\/td><\/tr><tr><td><a href=\"https:\/\/www.stevenshout.be\/fr\/produit\/steico-therm-dry-80mm-par-pallet\/\">Steico Therm dry | 80mm | Par pallet<\/a><\/td><td><\/td><\/tr><tr><td><a href=\"https:\/\/www.stevenshout.be\/fr\/produit\/steico-therm-100mm-par-palette\/\">Steico Therm | 100mm | Par palette<\/a><\/td><td><\/td><\/tr><tr><td><a href=\"https:\/\/www.stevenshout.be\/fr\/produit\/steico-therm-140mm-par-palette\/\">Steico Therm | 140mm | Par palette<\/a><\/td><td><\/td><\/tr><tr><td><a href=\"https:\/\/www.stevenshout.be\/fr\/produit\/steico-therm-180mm-par-palette\/\">Steico Therm | 180mm | Par palette<\/a><\/td><td><\/td><\/tr><tr><td><a href=\"https:\/\/www.stevenshout.be\/fr\/produit\/steico-phaltex-12mm-par-pallet\/\">Steico Phaltex | 12mm | Par pallet<\/a><\/td><td><\/td><\/tr><tr><td><a href=\"https:\/\/www.stevenshout.be\/fr\/produit\/steico-flex-036-i-60mm-i-%c2%a8par-palette\/\">Steico Flex 036 I 60mm I \u00a8Par palette<\/a><\/td><td><\/td><\/tr><tr><td><a href=\"https:\/\/www.stevenshout.be\/fr\/produit\/steico-flex-036-i-80mm-i-par-palette\/\">Steico Flex 036 I 80mm I Par palette<\/a><\/td><td><\/td><\/tr><tr><td><a href=\"https:\/\/www.stevenshout.be\/fr\/produit\/steico-flex-036-i-50mm-i-par-palette\/\">Steico Flex 036 I 50mm I Par palette<\/a><\/td><td><\/td><\/tr><\/tbody><\/table><div class=\"et_pb_button_module_wrapper et_pb_button_0_wrapper et_pb_button_alignment_center et_pb_module\"><a rel=\"nofollow\" class=\"et_pb_button et_pb_button_1 et_pb_bg_layout_light center\" href=\"https:\/\/www.stevenshout.be\/fr\/product-categorie\/steico-fr\/sous-couche\/\">Tous les Sous-couche<\/a><\/div>[\/et_pb_code][\/et_pb_column][\/et_pb_row][\/et_pb_section][et_pb_section fb_built=\u00a0\u00bb1&Prime; _builder_version=\u00a0\u00bb4.27.2&Prime; _module_preset=\u00a0\u00bbdefault\u00a0\u00bb global_colors_info=\u00a0\u00bb{}\u00a0\u00bb][et_pb_row _builder_version=\u00a0\u00bb4.27.2&Prime; _module_preset=\u00a0\u00bbdefault\u00a0\u00bb global_colors_info=\u00a0\u00bb{}\u00a0\u00bb][et_pb_column type=\u00a0\u00bb4_4&Prime; _builder_version=\u00a0\u00bb4.27.2&Prime; _module_preset=\u00a0\u00bbdefault\u00a0\u00bb global_colors_info=\u00a0\u00bb{}\u00a0\u00bb][et_pb_text _builder_version=\u00a0\u00bb4.27.2&Prime; _module_preset=\u00a0\u00bbdefault\u00a0\u00bb global_colors_info=\u00a0\u00bb{}\u00a0\u00bb]<\/p>\n<h2>Commande d&rsquo;isolation de sol aupr\u00e8s de Stevens Hout<\/h2>\n<p>Stevens &amp; C\u00b0 a plus de 85 ans d&rsquo;exp\u00e9rience en tant qu&rsquo;importateur de bois. Nous sommes donc votre partenaire fiable pour l&rsquo;achat d&rsquo;isolants, y compris d&rsquo;isolants de sol. Dans notre aper\u00e7u ci-dessus, cliquez sur le produit de votre choix pour plus d&rsquo;informations. Ou contactez-nous pour un devis d\u00e9taill\u00e9 et personnalis\u00e9. Pour ce faire, nous tenons compte de la quantit\u00e9, de la taille et du niveau de qualit\u00e9 de l&rsquo;isolation que vous souhaitez.<\/p>\n<p>[\/et_pb_text][et_pb_button button_url=\u00a0\u00bb@ET-DC@eyJkeW5hbWljIjp0cnVlLCJjb250ZW50IjoicG9zdF9saW5rX3VybF9wYWdlIiwic2V0dGluZ3MiOnsicG9zdF9pZCI6IjMyNCIsImVuYWJsZV9odG1sIjoib2ZmIn19@\u00a0\u00bb button_text=\u00a0\u00bbObtenir un devis\u00a0\u00bb button_alignment=\u00a0\u00bbleft\u00a0\u00bb _builder_version=\u00a0\u00bb4.27.2&Prime; _dynamic_attributes=\u00a0\u00bbbutton_url\u00a0\u00bb _module_preset=\u00a0\u00bbdefault\u00a0\u00bb custom_button=\u00a0\u00bbon\u00a0\u00bb button_text_size=\u00a0\u00bb18px\u00a0\u00bb button_text_color=\u00a0\u00bb#443630&Prime; button_bg_color=\u00a0\u00bb#76dd84&Prime; button_border_color=\u00a0\u00bb#76dd84&Prime; button_border_radius=\u00a0\u00bb40px\u00a0\u00bb button_font=\u00a0\u00bb|||on|||||\u00a0\u00bb button_icon=\u00a0\u00bb&#x24;||divi||400&Prime; button_on_hover=\u00a0\u00bboff\u00a0\u00bb custom_margin=\u00a0\u00bb||||false|false\u00a0\u00bb custom_padding=\u00a0\u00bb10px|45px|10px|30px|true|false\u00a0\u00bb locked=\u00a0\u00bboff\u00a0\u00bb global_colors_info=\u00a0\u00bb{}\u00a0\u00bb][\/et_pb_button][\/et_pb_column][\/et_pb_row][\/et_pb_section]<\/p>\n","protected":false},"excerpt":{"rendered":"<p>[et_pb_section fb_built=\u00a0\u00bb1&Prime; _builder_version=\u00a0\u00bb4.27.2&Prime; _module_preset=\u00a0\u00bbdefault\u00a0\u00bb background_color=\u00a0\u00bb#F7F7F5&Prime; locked=\u00a0\u00bboff\u00a0\u00bb global_colors_info=\u00a0\u00bb{}\u00a0\u00bb][et_pb_row column_structure=\u00a0\u00bb1_2,1_2&Prime; _builder_version=\u00a0\u00bb4.25.2&Prime; _module_preset=\u00a0\u00bbdefault\u00a0\u00bb global_colors_info=\u00a0\u00bb{}\u00a0\u00bb][et_pb_column type=\u00a0\u00bb1_2&Prime; _builder_version=\u00a0\u00bb4.25.2&Prime; _module_preset=\u00a0\u00bbdefault\u00a0\u00bb global_colors_info=\u00a0\u00bb{}\u00a0\u00bb][et_pb_text _builder_version=\u00a0\u00bb4.27.2&Prime; _module_preset=\u00a0\u00bbdefault\u00a0\u00bb text_font=\u00a0\u00bb|||on|||||\u00a0\u00bb text_text_color=\u00a0\u00bb#76dd84&Prime; header_text_color=\u00a0\u00bb#76de84&Prime; header_font_size=\u00a0\u00bb14px\u00a0\u00bb custom_margin=\u00a0\u00bb||10px||false|false\u00a0\u00bb custom_padding=\u00a0\u00bb||0px||false|false\u00a0\u00bb global_colors_info=\u00a0\u00bb{}\u00a0\u00bb] Isolation [\/et_pb_text][et_pb_text _builder_version=\u00a0\u00bb4.27.2&Prime; _module_preset=\u00a0\u00bbdefault\u00a0\u00bb text_font=\u00a0\u00bb||||||||\u00a0\u00bb text_text_color=\u00a0\u00bb#76dd84&Prime; header_font_size=\u00a0\u00bb60px\u00a0\u00bb header_line_height=\u00a0\u00bb65px\u00a0\u00bb header_2_font_size=\u00a0\u00bb64px\u00a0\u00bb header_2_line_height=\u00a0\u00bb64.6px\u00a0\u00bb header_font_size_tablet=\u00a0\u00bb60px\u00a0\u00bb header_font_size_phone=\u00a0\u00bb49px\u00a0\u00bb header_font_size_last_edited=\u00a0\u00bbon|phone\u00a0\u00bb header_2_font_size_tablet=\u00a0\u00bb46px\u00a0\u00bb header_2_font_size_phone=\u00a0\u00bb28px\u00a0\u00bb header_2_font_size_last_edited=\u00a0\u00bbon|desktop\u00a0\u00bb header_2_line_height_tablet=\u00a0\u00bb64.6px\u00a0\u00bb header_2_line_height_phone=\u00a0\u00bb40px\u00a0\u00bb header_2_line_height_last_edited=\u00a0\u00bbon|phone\u00a0\u00bb global_colors_info=\u00a0\u00bb{}\u00a0\u00bb] Isolation du sol [\/et_pb_text][\/et_pb_column][et_pb_column type=\u00a0\u00bb1_2&Prime; _builder_version=\u00a0\u00bb4.25.2&Prime; _module_preset=\u00a0\u00bbdefault\u00a0\u00bb global_colors_info=\u00a0\u00bb{}\u00a0\u00bb][et_pb_text _builder_version=\u00a0\u00bb4.27.2&Prime; _module_preset=\u00a0\u00bbdefault\u00a0\u00bb text_font_size=\u00a0\u00bb16px\u00a0\u00bb [&hellip;]<\/p>\n","protected":false},"author":13,"featured_media":0,"parent":34116,"menu_order":0,"comment_status":"closed","ping_status":"closed","template":"","meta":{"_acf_changed":false,"_seopress_robots_primary_cat":"","_seopress_titles_title":"Isolation des sols de STEICO | Commander par palette \u00e0 partir du stock","_seopress_titles_desc":"","_seopress_robots_index":"","_et_pb_use_builder":"on","_et_pb_old_content":"","_et_gb_content_width":"","footnotes":""},"class_list":["post-34136","page","type-page","status-publish","hentry"],"acf":[],"_links":{"self":[{"href":"https:\/\/www.stevenshout.be\/fr\/wp-json\/wp\/v2\/pages\/34136","targetHints":{"allow":["GET"]}}],"collection":[{"href":"https:\/\/www.stevenshout.be\/fr\/wp-json\/wp\/v2\/pages"}],"about":[{"href":"https:\/\/www.stevenshout.be\/fr\/wp-json\/wp\/v2\/types\/page"}],"author":[{"embeddable":true,"href":"https:\/\/www.stevenshout.be\/fr\/wp-json\/wp\/v2\/users\/13"}],"replies":[{"embeddable":true,"href":"https:\/\/www.stevenshout.be\/fr\/wp-json\/wp\/v2\/comments?post=34136"}],"version-history":[{"count":2,"href":"https:\/\/www.stevenshout.be\/fr\/wp-json\/wp\/v2\/pages\/34136\/revisions"}],"predecessor-version":[{"id":34139,"href":"https:\/\/www.stevenshout.be\/fr\/wp-json\/wp\/v2\/pages\/34136\/revisions\/34139"}],"up":[{"embeddable":true,"href":"https:\/\/www.stevenshout.be\/fr\/wp-json\/wp\/v2\/pages\/34116"}],"wp:attachment":[{"href":"https:\/\/www.stevenshout.be\/fr\/wp-json\/wp\/v2\/media?parent=34136"}],"curies":[{"name":"wp","href":"https:\/\/api.w.org\/{rel}","templated":true}]}}